{"id":821,"date":"2021-08-20T09:46:34","date_gmt":"2021-08-20T09:46:34","guid":{"rendered":"https:\/\/strasbourg-location-appartement.com\/?page_id=821"},"modified":"2021-10-31T10:23:47","modified_gmt":"2021-10-31T10:23:47","slug":"presentation","status":"publish","type":"page","link":"https:\/\/strasbourg-location-appartement.com\/index.php\/presentation\/","title":{"rendered":"Pr\u00e9sentation"},"content":{"rendered":"<p>[vc_row][vc_column width=&#8221;2\/3&#8243;][vc_column_text]<\/p>\n<h3 class=\"qodef-e-title entry-title\">L&#8217;Appartement Au-Dessus Du<\/h3>\n<p class=\"qodef-e-text\">Architecte de formation et de m\u00e9tier, j&#8217;ai eu la chance de beaucoup voyager, finalement c&#8217;est \u00e0 Strasbourg que j&#8217;ai d\u00e9cid\u00e9 de poser mes valises il y a plus de 40 ans. J&#8217;ai cr\u00e9e, am\u00e9nag\u00e9, d\u00e9cor\u00e9 ce lieu il y a quelques ann\u00e9es dans un esprit contemporain, cette maison alsacienne historique \u00e9tait l&#8217;\u00e9crin id\u00e9al pour y fonder une r\u00e9sidence h\u00f4teli\u00e8re, un lieu de vie cosy avec plusieurs appartements au coeur de la capitale europ\u00e9enne.<\/p>\n<h3><\/h3>\n<h3 class=\"hp-section-sub-header\">Informations sur l&#8217;h\u00e9bergement<\/h3>\n<p data-ga-id=\"property\">\u00ab L&#8217;Appartement Au-dessus Du\u2026 \u00bb constitue, que ce soit pour un s\u00e9jour touristique ou plut\u00f4t business, une alternative\u00a0des plus s\u00e9duisantes et des plus inventives,\u00a0\u00e0 l&#8217;h\u00e9bergement conventionnel. D\u2019ailleurs, une semaine par mois s\u2019y croisent, lors des sessions du Parlement Europ\u00e9en, couples amoureux, familles en goguette, bandes de copains et hauts fonctionnaires exil\u00e9s un temps de Bruxelles\u2026<\/p>\n<p data-ga-id=\"property\">Cette r\u00e9sidence h\u00f4teli\u00e8re comporte sept logements de taille variable, tous \u00e9quip\u00e9s de salle d\u2019eau et de kitchenette, pouvant accueillir de une \u00e0 cinq personnes, nich\u00e9s dans une labyrinthique maison du XVe si\u00e8cle initialement b\u00e2tie pour abriter\u2026 les nains de la ville. La ma\u00eetresse des lieux, Mojgan, architecte de formation et chineuse dans l\u2019\u00e2me, a d\u00e9ploy\u00e9 des tr\u00e9sors d\u2019ing\u00e9niosit\u00e9 pour en faire cette incroyable r\u00e9sidence certes pleine de tours et d\u00e9tours, mais d\u2019un confort sans failles. La d\u00e9coration diff\u00e9rente dans chaque appartement, joue avec brio le m\u00e9lange des genres et des styles.<\/p>\n<h3 class=\"hp-section-sub-header\">Informations sur le quartier<\/h3>\n<p data-ga-id=\"neighbourhood\">\u00ab L&#8217;Appartement Au-Dessus Du\u2026 \u00bb sont situ\u00e9s au c\u0153ur de la vieille ville : la Cath\u00e9drale mill\u00e9naire de Strasbourg est \u00e0 deux minutes \u00e0 pied, les ruelles pi\u00e9tonnes alentour accueillent quelques-uns des restaurants et bars les plus pris\u00e9s de la cit\u00e9, le quartier touristique de la Petite France offre \u00e0 deux pas des balades romantiques entre canaux ondoyants et maisons \u00e0 colombages. A proximit\u00e9, d\u00e9couvrez enfin le quartier de la Neustadt d&#8217;architecture Jugendstil inscrit au patrimoine mondial de l&#8217;UNESCO.<\/p>\n<p data-ga-id=\"neighbourhood\">Au pied m\u00eame de cette maison d\u00e9cid\u00e9ment d\u00e9licieuse, une des plus jolies et des plus courues des placettes de Strasbourg, le March\u00e9 Gayot : toute la jeunesse dor\u00e9e de la ville vient s\u2019y retrouver aux beaux jours sur ses terrasses avec un tr\u00e8s beau choix de restaurants, le soir, sous les frondaisons.<\/p>\n<h3 class=\"hp-section-sub-header\">Langues parl\u00e9es<\/h3>\n<p class=\"js-host-info__languages\">Allemand, Anglais, Espagnol, <strong>Fran\u00e7ais<\/strong><\/p>\n<h3>Quelques images<\/h3>\n<p>[\/vc_column_text][\/vc_column][vc_column width=&#8221;1\/3&#8243;][vc_single_image image=&#8221;829&#8243; img_size=&#8221;full&#8221;][\/vc_column][\/vc_row][vc_row][vc_column width=&#8221;1\/3&#8243;][vc_single_image image=&#8221;754&#8243; img_size=&#8221;full&#8221;][\/vc_column][vc_column width=&#8221;1\/3&#8243;][vc_single_image image=&#8221;757&#8243; img_size=&#8221;full&#8221;][\/vc_column][vc_column width=&#8221;1\/3&#8243;][vc_single_image image=&#8221;978&#8243; img_size=&#8221;full&#8221;][\/vc_column][\/vc_row]<\/p>\n","protected":false},"excerpt":{"rendered":"<p>[vc_row][vc_column width=&#8221;2\/3&#8243;][vc_column_text] L&#8217;Appartement Au-Dessus Du Architecte de formation et de m\u00e9tier, j&#8217;ai eu la chance de beaucoup voyager, finalement c&#8217;est \u00e0 Strasbourg que j&#8217;ai d\u00e9cid\u00e9 de poser mes valises il y a plus de 40 ans. J&#8217;ai cr\u00e9e, am\u00e9nag\u00e9, d\u00e9cor\u00e9 ce lieu il y a quelques ann\u00e9es dans un esprit contemporain, cette maison alsacienne historique<\/p>\n<a href=\"https:\/\/strasbourg-location-appartement.com\/index.php\/presentation\/\" class=\"sohohotel-more-link\">Read More<i class=\"fa fa-angle-right\"><\/i><\/a>","protected":false},"author":1,"featured_media":0,"parent":0,"menu_order":0,"comment_status":"closed","ping_status":"closed","template":"","meta":{"footnotes":""},"class_list":["post-821","page","type-page","status-publish","hentry"],"aioseo_notices":[],"_links":{"self":[{"href":"https:\/\/strasbourg-location-appartement.com\/index.php\/wp-json\/wp\/v2\/pages\/821","targetHints":{"allow":["GET"]}}],"collection":[{"href":"https:\/\/strasbourg-location-appartement.com\/index.php\/wp-json\/wp\/v2\/pages"}],"about":[{"href":"https:\/\/strasbourg-location-appartement.com\/index.php\/wp-json\/wp\/v2\/types\/page"}],"author":[{"embeddable":true,"href":"https:\/\/strasbourg-location-appartement.com\/index.php\/wp-json\/wp\/v2\/users\/1"}],"replies":[{"embeddable":true,"href":"https:\/\/strasbourg-location-appartement.com\/index.php\/wp-json\/wp\/v2\/comments?post=821"}],"version-history":[{"count":13,"href":"https:\/\/strasbourg-location-appartement.com\/index.php\/wp-json\/wp\/v2\/pages\/821\/revisions"}],"predecessor-version":[{"id":992,"href":"https:\/\/strasbourg-location-appartement.com\/index.php\/wp-json\/wp\/v2\/pages\/821\/revisions\/992"}],"wp:attachment":[{"href":"https:\/\/strasbourg-location-appartement.com\/index.php\/wp-json\/wp\/v2\/media?parent=821"}],"curies":[{"name":"wp","href":"https:\/\/api.w.org\/{rel}","templated":true}]}}